{"id":7327,"date":"2020-04-07T12:55:01","date_gmt":"2020-04-07T12:55:01","guid":{"rendered":"http:\/\/ludwig-witzani.de\/?page_id=7327"},"modified":"2025-06-03T10:32:51","modified_gmt":"2025-06-03T10:32:51","slug":"kapitel-13-die-verhaftete-madonna","status":"publish","type":"page","link":"https:\/\/ludwig-witzani.de\/zu-den-grossen-traeumen\/kapitel-13-die-verhaftete-madonna\/","title":{"rendered":"Kapitel 13: Die verhaftete Madonna"},"content":{"rendered":"<p>Benedykt Nomocz verl\u00e4sst Halka Wolek f\u00fcr Renata Wogata, wei\u00df aber nicht, dass Halka von ihm schwanger ist. Von Scham zerfressen, wagt Halka es nicht, ihre Schwangerschaft der Familie mitzuteilen. Mit Janeks Hilfe zieht sie nach&nbsp; Warszawa um, wo sie&nbsp; in einer korrupten Einkaufsgenossenschaft Arbeit findet. Zusammen mit Janek entschlie\u00dft sie sich schweren Herzens , eine Abtreibung vornehmen zu lassen, doch kurz vor dem Eingriff flieht sie in pansicher Angst aus der Praxis.<\/p>\n<p>\u00dcberraschend wird der Priester Somorowski seines Postens enthoben, sein&nbsp; Assistent Igor Selenski wird zu seinem Nachfolger ernannt.&nbsp;&nbsp; Selenski reorganisiert die Pfarrei, entl\u00e4sst die Haush\u00e4lterin Liliana Lubow und pocht in einem Gespr\u00e4ch mit dem Parteisekret\u00e4r \u00fcber die bevorstehende Tausendjahrfeier Polens auf der Eigenst\u00e4ndigkeit der Kirche. Die Kommunisten bef\u00fcrchten vor allem im Zusammenhang mit der durch Polen \u201ewandernden\u201c Madonna Oppositionskundgebungen der Kirche.<\/p>\n<p>&nbsp; Direktor&nbsp; Zetzek wandert aus Anlass der&nbsp; Tausendjahrfeier durch die Klassen, um die&nbsp; Sch\u00fcler \u00fcber die polnische Geschichte aufzukl\u00e4ren. Dieser Rundgang scheitert an den konkreten Fragen der Sch\u00fcler. Die \u201ewandernde\u201c Madonna ist derweil in Warschau eingetroffen, wo der Primas Wyschynksi eine aufsehenerregende Predigt h\u00e4lt. Bei der staatlichen Millenniumsfeier in Zakepie kommt es zum Eklat.&nbsp; Nach einer Rede des Parteisekret\u00e4rs \u00fcber die Vorz\u00fcge des Kommunismus taucht der Priester Igor Selenski auf und verk\u00fcndet, die Madonna sei \u201everhaftet\u201c worden. Emp\u00f6rung bricht aus und ein Teil der Dorfbewohner verl\u00e4sst die Parteifeier, um in der Kirche f\u00fcr die Befreiung der verhafteten Madonna zu beten.<\/p>\n<p><a href=\"http:\/\/ludwig-witzani.de\/leseprobe-kapitel-13-die-verrhaftete-madonna\/\">Leseprobe<\/a><\/p>\n<p><a href=\"http:\/\/ludwig-witzani.de\/stammtafel-der-familien-kaminski-wolek-brosz-und-gontasch\/\">Stammtafel<\/a><\/p>\n<p><a href=\"http:\/\/ludwig-witzani.de\/das-dorf-zakepie\/\">Zur\u00fcck zur Startseite<\/a><\/p>\n<p>&nbsp;<\/p>\n","protected":false},"excerpt":{"rendered":"<p>Benedykt Nomocz verl\u00e4sst Halka Wolek f\u00fcr Renata Wogata, wei\u00df aber nicht, dass Halka von ihm schwanger ist. Von Scham zerfressen, wagt Halka es nicht, ihre Schwangerschaft der Familie mitzuteilen. Mit Janeks Hilfe zieht sie nach&nbsp; Warszawa um, wo sie&nbsp; in einer korrupten Einkaufsgenossenschaft Arbeit findet. Zusammen mit Janek entschlie\u00dft sie sich schweren Herzens , eine &hellip; <a href=\"https:\/\/ludwig-witzani.de\/zu-den-grossen-traeumen\/kapitel-13-die-verhaftete-madonna\/\" class=\"more-link\"><span class=\"screen-reader-text\">Kapitel 13: Die verhaftete Madonna<\/span> weiterlesen <span class=\"meta-nav\">&rarr;<\/span><\/a><\/p>\n","protected":false},"author":2,"featured_media":0,"parent":0,"menu_order":0,"comment_status":"closed","ping_status":"closed","template":"","meta":{"ngg_post_thumbnail":0,"jetpack_post_was_ever_published":false,"footnotes":""},"class_list":["post-7327","page","type-page","status-publish","hentry"],"yoast_head":"<!-- This site is optimized with the Yoast SEO plugin v27.5 - https:\/\/yoast.com\/product\/yoast-seo-wordpress\/ -->\n<title>Kapitel 13: Die verhaftete Madonna - Ludwig Witzani<\/title>\n<meta name=\"robots\" content=\"index, follow, max-snippet:-1, max-image-preview:large, max-video-preview:-1\" \/>\n<link rel=\"canonical\" href=\"https:\/\/ludwig-witzani.de\/zu-den-grossen-traeumen\/kapitel-13-die-verhaftete-madonna\/\" \/>\n<meta property=\"og:locale\" content=\"de_DE\" \/>\n<meta property=\"og:type\" content=\"article\" \/>\n<meta property=\"og:title\" content=\"Kapitel 13: Die verhaftete Madonna - Ludwig Witzani\" \/>\n<meta property=\"og:description\" content=\"Benedykt Nomocz verl\u00e4sst Halka Wolek f\u00fcr Renata Wogata, wei\u00df aber nicht, dass Halka von ihm schwanger ist. Von Scham zerfressen, wagt Halka es nicht, ihre Schwangerschaft der Familie mitzuteilen. Mit Janeks Hilfe zieht sie nach&nbsp; Warszawa um, wo sie&nbsp; in einer korrupten Einkaufsgenossenschaft Arbeit findet. Zusammen mit Janek entschlie\u00dft sie sich schweren Herzens , eine &hellip; Kapitel 13: Die verhaftete Madonna weiterlesen &rarr;\" \/>\n<meta property=\"og:url\" content=\"https:\/\/ludwig-witzani.de\/zu-den-grossen-traeumen\/kapitel-13-die-verhaftete-madonna\/\" \/>\n<meta property=\"og:site_name\" content=\"Ludwig Witzani\" \/>\n<meta property=\"article:modified_time\" content=\"2025-06-03T10:32:51+00:00\" \/>\n<meta name=\"twitter:card\" content=\"summary_large_image\" \/>\n<meta name=\"twitter:label1\" content=\"Gesch\u00e4tzte Lesezeit\" \/>\n\t<meta name=\"twitter:data1\" content=\"1\u00a0Minute\" \/>\n<script type=\"application\/ld+json\" class=\"yoast-schema-graph\">{\"@context\":\"https:\\\/\\\/schema.org\",\"@graph\":[{\"@type\":\"WebPage\",\"@id\":\"https:\\\/\\\/ludwig-witzani.de\\\/zu-den-grossen-traeumen\\\/kapitel-13-die-verhaftete-madonna\\\/\",\"url\":\"https:\\\/\\\/ludwig-witzani.de\\\/zu-den-grossen-traeumen\\\/kapitel-13-die-verhaftete-madonna\\\/\",\"name\":\"Kapitel 13: Die verhaftete Madonna - Ludwig Witzani\",\"isPartOf\":{\"@id\":\"https:\\\/\\\/ludwig-witzani.de\\\/zu-den-grossen-traeumen\\\/#website\"},\"datePublished\":\"2020-04-07T12:55:01+00:00\",\"dateModified\":\"2025-06-03T10:32:51+00:00\",\"breadcrumb\":{\"@id\":\"https:\\\/\\\/ludwig-witzani.de\\\/zu-den-grossen-traeumen\\\/kapitel-13-die-verhaftete-madonna\\\/#breadcrumb\"},\"inLanguage\":\"de\",\"potentialAction\":[{\"@type\":\"ReadAction\",\"target\":[\"https:\\\/\\\/ludwig-witzani.de\\\/zu-den-grossen-traeumen\\\/kapitel-13-die-verhaftete-madonna\\\/\"]}]},{\"@type\":\"BreadcrumbList\",\"@id\":\"https:\\\/\\\/ludwig-witzani.de\\\/zu-den-grossen-traeumen\\\/kapitel-13-die-verhaftete-madonna\\\/#breadcrumb\",\"itemListElement\":[{\"@type\":\"ListItem\",\"position\":1,\"name\":\"Startseite\",\"item\":\"https:\\\/\\\/ludwig-witzani.de\\\/zu-den-grossen-traeumen\\\/\"},{\"@type\":\"ListItem\",\"position\":2,\"name\":\"Kapitel 13: Die verhaftete Madonna\"}]},{\"@type\":\"WebSite\",\"@id\":\"https:\\\/\\\/ludwig-witzani.de\\\/zu-den-grossen-traeumen\\\/#website\",\"url\":\"https:\\\/\\\/ludwig-witzani.de\\\/zu-den-grossen-traeumen\\\/\",\"name\":\"Ludwig Witzani\",\"description\":\"World Wide Travel\",\"potentialAction\":[{\"@type\":\"SearchAction\",\"target\":{\"@type\":\"EntryPoint\",\"urlTemplate\":\"https:\\\/\\\/ludwig-witzani.de\\\/zu-den-grossen-traeumen\\\/?s={search_term_string}\"},\"query-input\":{\"@type\":\"PropertyValueSpecification\",\"valueRequired\":true,\"valueName\":\"search_term_string\"}}],\"inLanguage\":\"de\"}]}<\/script>\n<!-- \/ Yoast SEO plugin. -->","yoast_head_json":{"title":"Kapitel 13: Die verhaftete Madonna - Ludwig Witzani","robots":{"index":"index","follow":"follow","max-snippet":"max-snippet:-1","max-image-preview":"max-image-preview:large","max-video-preview":"max-video-preview:-1"},"canonical":"https:\/\/ludwig-witzani.de\/zu-den-grossen-traeumen\/kapitel-13-die-verhaftete-madonna\/","og_locale":"de_DE","og_type":"article","og_title":"Kapitel 13: Die verhaftete Madonna - Ludwig Witzani","og_description":"Benedykt Nomocz verl\u00e4sst Halka Wolek f\u00fcr Renata Wogata, wei\u00df aber nicht, dass Halka von ihm schwanger ist. Von Scham zerfressen, wagt Halka es nicht, ihre Schwangerschaft der Familie mitzuteilen. Mit Janeks Hilfe zieht sie nach&nbsp; Warszawa um, wo sie&nbsp; in einer korrupten Einkaufsgenossenschaft Arbeit findet. Zusammen mit Janek entschlie\u00dft sie sich schweren Herzens , eine &hellip; Kapitel 13: Die verhaftete Madonna weiterlesen &rarr;","og_url":"https:\/\/ludwig-witzani.de\/zu-den-grossen-traeumen\/kapitel-13-die-verhaftete-madonna\/","og_site_name":"Ludwig Witzani","article_modified_time":"2025-06-03T10:32:51+00:00","twitter_card":"summary_large_image","twitter_misc":{"Gesch\u00e4tzte Lesezeit":"1\u00a0Minute"},"schema":{"@context":"https:\/\/schema.org","@graph":[{"@type":"WebPage","@id":"https:\/\/ludwig-witzani.de\/zu-den-grossen-traeumen\/kapitel-13-die-verhaftete-madonna\/","url":"https:\/\/ludwig-witzani.de\/zu-den-grossen-traeumen\/kapitel-13-die-verhaftete-madonna\/","name":"Kapitel 13: Die verhaftete Madonna - Ludwig Witzani","isPartOf":{"@id":"https:\/\/ludwig-witzani.de\/zu-den-grossen-traeumen\/#website"},"datePublished":"2020-04-07T12:55:01+00:00","dateModified":"2025-06-03T10:32:51+00:00","breadcrumb":{"@id":"https:\/\/ludwig-witzani.de\/zu-den-grossen-traeumen\/kapitel-13-die-verhaftete-madonna\/#breadcrumb"},"inLanguage":"de","potentialAction":[{"@type":"ReadAction","target":["https:\/\/ludwig-witzani.de\/zu-den-grossen-traeumen\/kapitel-13-die-verhaftete-madonna\/"]}]},{"@type":"BreadcrumbList","@id":"https:\/\/ludwig-witzani.de\/zu-den-grossen-traeumen\/kapitel-13-die-verhaftete-madonna\/#breadcrumb","itemListElement":[{"@type":"ListItem","position":1,"name":"Startseite","item":"https:\/\/ludwig-witzani.de\/zu-den-grossen-traeumen\/"},{"@type":"ListItem","position":2,"name":"Kapitel 13: Die verhaftete Madonna"}]},{"@type":"WebSite","@id":"https:\/\/ludwig-witzani.de\/zu-den-grossen-traeumen\/#website","url":"https:\/\/ludwig-witzani.de\/zu-den-grossen-traeumen\/","name":"Ludwig Witzani","description":"World Wide Travel","potentialAction":[{"@type":"SearchAction","target":{"@type":"EntryPoint","urlTemplate":"https:\/\/ludwig-witzani.de\/zu-den-grossen-traeumen\/?s={search_term_string}"},"query-input":{"@type":"PropertyValueSpecification","valueRequired":true,"valueName":"search_term_string"}}],"inLanguage":"de"}]}},"jetpack_shortlink":"https:\/\/wp.me\/P4daYo-1Ub","jetpack_sharing_enabled":true,"_links":{"self":[{"href":"https:\/\/ludwig-witzani.de\/zu-den-grossen-traeumen\/wp-json\/wp\/v2\/pages\/7327","targetHints":{"allow":["GET"]}}],"collection":[{"href":"https:\/\/ludwig-witzani.de\/zu-den-grossen-traeumen\/wp-json\/wp\/v2\/pages"}],"about":[{"href":"https:\/\/ludwig-witzani.de\/zu-den-grossen-traeumen\/wp-json\/wp\/v2\/types\/page"}],"author":[{"embeddable":true,"href":"https:\/\/ludwig-witzani.de\/zu-den-grossen-traeumen\/wp-json\/wp\/v2\/users\/2"}],"replies":[{"embeddable":true,"href":"https:\/\/ludwig-witzani.de\/zu-den-grossen-traeumen\/wp-json\/wp\/v2\/comments?post=7327"}],"version-history":[{"count":2,"href":"https:\/\/ludwig-witzani.de\/zu-den-grossen-traeumen\/wp-json\/wp\/v2\/pages\/7327\/revisions"}],"predecessor-version":[{"id":7332,"href":"https:\/\/ludwig-witzani.de\/zu-den-grossen-traeumen\/wp-json\/wp\/v2\/pages\/7327\/revisions\/7332"}],"wp:attachment":[{"href":"https:\/\/ludwig-witzani.de\/zu-den-grossen-traeumen\/wp-json\/wp\/v2\/media?parent=7327"}],"curies":[{"name":"wp","href":"https:\/\/api.w.org\/{rel}","templated":true}]}}