{"id":2444,"date":"2014-03-13T14:25:29","date_gmt":"2014-03-13T14:25:29","guid":{"rendered":"http:\/\/ludwig-witzani.de\/?page_id=2444"},"modified":"2025-06-03T10:32:54","modified_gmt":"2025-06-03T10:32:54","slug":"david-neel-mein-weg-durch-himmel-und-hoellen","status":"publish","type":"page","link":"https:\/\/ludwig-witzani.de\/zu-den-grossen-traeumen\/buchempfehlungen\/einladung-nach-tibet\/david-neel-mein-weg-durch-himmel-und-hoellen\/","title":{"rendered":"David-N\u00e9el: Mein Weg durch Himmel und H\u00f6llen"},"content":{"rendered":"<p><a href=\"http:\/\/ludwig-witzani.de\/wp-content\/uploads\/2014\/03\/IMG_0930.jpg\"><img loading=\"lazy\" decoding=\"async\" class=\"aligncenter  wp-image-2445\" style=\"width: 329px;\" alt=\"IMG_0930\" src=\"http:\/\/ludwig-witzani.de\/wp-content\/uploads\/2014\/03\/IMG_0930-523x800.jpg\" width=\"523\" height=\"567\" \/><\/a><\/p>\n<h3>David-N\u00e9el: Mein Weg durch Himmel und H\u00f6llen. Das Abentuer meines Lebens<\/h3>\n<p><em>\u201eIch habe mehr als einmal bitter geweint, weil ich zutiefst f\u00fchlte, wie <\/em><br \/>\n<em>das Leben verrann, wie\u00a0 die Tage meiner Jugend leer, freudlos und \u00f6de <\/em><br \/>\n<em>vor\u00fcbergingen,\u201c<\/em> schrieb bereits die junge Alexandra. \u201e<em>Ich war mir <\/em><br \/>\n<em>bewusst, dass ich eine Zeit unn\u00f6tig vertat, die niemals wiederkehren <\/em><br \/>\n<em>w\u00fcrde, dass ich Stunden verlor die wunderbar h\u00e4tten sein k\u00f6nnen.\u201c\u00a0<\/em> Als<br \/>\nwolle sie sich auf diese wunderbaren Stunden so fr\u00fch wie m\u00f6glich<br \/>\nvorbereiten, begann sich schon das\u00a0 kleine M\u00e4dchen nach Regeln<br \/>\nabzuh\u00e4rten, die sie den Lebensgeschichten christlicher Heiliger<br \/>\nentnommen hatte. <em>\u201eEntbehrungen lie\u00dfen mich kalt. Ich war nicht im <\/em><br \/>\n<em>geringsten eitel. Kleider und Putz sagten mir \u00fcberhaupt nichts: ich <\/em><br \/>\n<em>verachtete den Komfort. Der Geist, dachte ich, muss den K\u00f6rper <\/em><br \/>\n<em>beherrschen und ihn zu einem\u00a0 willigen und widertandsf\u00e4higen\u00a0 Instrument<\/em><br \/>\n<em> gestalten, auf den er sich in jeder Situation verlassen kann.\u201c<\/em><br \/>\nSo vorbereitet hat sich Alexandra David Ne\u00e9l in einem abenteuerlichen Leben<br \/>\nihre Tr\u00e4ume in einer Weise erf\u00fcllt, wie es nur wenigen Menschen<br \/>\nverg\u00f6nnt gewesen ist. \u00dcber die theosophischen Zirkel in London, \u00fcber ein<br \/>\nEngagement als Operns\u00e4ngerin in Hanoi und eine Vernunftehe mit dem<br \/>\nSch\u00fcrzenj\u00e4ger Philipp Ne\u00e9l f\u00fchrt sie ihr Weg in die Eremitagen des<br \/>\nHimalaja,\u00a0 wo sie auf den Rat des 13. Dalai Lama hin Tibetisch<br \/>\nstudierte, ehe sie nach dem ersten Weltkrieg an der Seite eines<br \/>\njugendlichen Rotm\u00fctzen-Lamas von Amdo\u00a0 aus ihre\u00a0 jahrelange Odyssee<br \/>\ndurch Tibet begann, an deren Ende es ihr tats\u00e4chlich gelang sich als<br \/>\nPilgerin verkleidet zwei Monate in Lhasa aufzuhalten.<br \/>\nDie Belesenheit\u00a0 und Bildung, aber auch die Strapazierf\u00e4higkeit der kleinen Frau grenzt von heute aus gesehen ans Unglaubliche.\u00a0 Wie von einem guten Geist gef\u00fchrt erreichte sie fast m\u00fchelos all die heiligen Orte,\u00a0 nach denen<br \/>\nsich zum Beispiel Sven Hedin sein Leben lang vergeblich verzehrte.\u00a0 Die<br \/>\nunbedingte Konsequenz all ihrer Handlungen wirkt fast \u00fcbermenschlich,<br \/>\nihre innere Freiheit gegen alle\u00a0 Bindungen unbarmherzig, und ihr der<br \/>\naltindischen Philosophie entlehntes Lebensmotto, das sie in bis an den<br \/>\nRand des Todes durchhielt, erscheint fast hybrid. <em>\u201eSei Dir Dein eigenes <\/em><br \/>\n<em>Licht. Sei Dir deine eigene Zuflucht,\u201c<\/em> verk\u00fcndete die ber\u00fchme<br \/>\nOrientalistin bei jeder Gelegenheit,\u00a0 und getreu dieser Maxime machte<br \/>\nsie sich noch knapp hundertj\u00e4hrig an die Vorbereitung einer neuen Reise,<br \/>\ndie sie aber absagen musste, weil die letzte und gr\u00f6\u00dfte aller Reise sie<br \/>\naus der Welt nahm.<br \/>\nAlexandra David N\u00e9els \u201eMein weg durch Himmel und H\u00f6llen\u201c macht den Leser zum Zaungast dieses \u00dcberfrau. Nach einer informativen und gut leserlichen Einf\u00fchrung von Thomas Wartmann beginnt das Buch mit dem Kapitel \u201eWarum ich nach Lhasa ging\u201c und l\u00e4st den Leser nicht mehr los bis zur letzten Seite. Allererste Wahl f\u00fcr jeden Tibetfreund.<\/p>\n","protected":false},"excerpt":{"rendered":"<p>David-N\u00e9el: Mein Weg durch Himmel und H\u00f6llen. Das Abentuer meines Lebens \u201eIch habe mehr als einmal bitter geweint, weil ich zutiefst f\u00fchlte, wie das Leben verrann, wie\u00a0 die Tage meiner Jugend leer, freudlos und \u00f6de vor\u00fcbergingen,\u201c schrieb bereits die junge Alexandra. \u201eIch war mir bewusst, dass ich eine Zeit unn\u00f6tig vertat, die niemals wiederkehren w\u00fcrde, &hellip; <a href=\"https:\/\/ludwig-witzani.de\/zu-den-grossen-traeumen\/buchempfehlungen\/einladung-nach-tibet\/david-neel-mein-weg-durch-himmel-und-hoellen\/\" class=\"more-link\"><span class=\"screen-reader-text\">David-N\u00e9el: Mein Weg durch Himmel und H\u00f6llen<\/span> weiterlesen <span class=\"meta-nav\">&rarr;<\/span><\/a><\/p>\n","protected":false},"author":2,"featured_media":0,"parent":1388,"menu_order":3,"comment_status":"open","ping_status":"open","template":"","meta":{"ngg_post_thumbnail":0,"jetpack_post_was_ever_published":false,"footnotes":""},"class_list":["post-2444","page","type-page","status-publish","hentry"],"yoast_head":"<!-- This site is optimized with the Yoast SEO plugin v27.5 - https:\/\/yoast.com\/product\/yoast-seo-wordpress\/ -->\n<title>David-N\u00e9el: Mein Weg durch Himmel und H\u00f6llen - Ludwig Witzani<\/title>\n<meta name=\"robots\" content=\"index, follow, max-snippet:-1, max-image-preview:large, max-video-preview:-1\" \/>\n<link rel=\"canonical\" href=\"https:\/\/ludwig-witzani.de\/zu-den-grossen-traeumen\/buchempfehlungen\/einladung-nach-tibet\/david-neel-mein-weg-durch-himmel-und-hoellen\/\" \/>\n<meta property=\"og:locale\" content=\"de_DE\" \/>\n<meta property=\"og:type\" content=\"article\" \/>\n<meta property=\"og:title\" content=\"David-N\u00e9el: Mein Weg durch Himmel und H\u00f6llen - Ludwig Witzani\" \/>\n<meta property=\"og:description\" content=\"David-N\u00e9el: Mein Weg durch Himmel und H\u00f6llen. Das Abentuer meines Lebens \u201eIch habe mehr als einmal bitter geweint, weil ich zutiefst f\u00fchlte, wie das Leben verrann, wie\u00a0 die Tage meiner Jugend leer, freudlos und \u00f6de vor\u00fcbergingen,\u201c schrieb bereits die junge Alexandra. \u201eIch war mir bewusst, dass ich eine Zeit unn\u00f6tig vertat, die niemals wiederkehren w\u00fcrde, &hellip; David-N\u00e9el: Mein Weg durch Himmel und H\u00f6llen weiterlesen &rarr;\" \/>\n<meta property=\"og:url\" content=\"https:\/\/ludwig-witzani.de\/zu-den-grossen-traeumen\/buchempfehlungen\/einladung-nach-tibet\/david-neel-mein-weg-durch-himmel-und-hoellen\/\" \/>\n<meta property=\"og:site_name\" content=\"Ludwig Witzani\" \/>\n<meta property=\"article:modified_time\" content=\"2025-06-03T10:32:54+00:00\" \/>\n<meta name=\"twitter:card\" content=\"summary_large_image\" \/>\n<meta name=\"twitter:label1\" content=\"Gesch\u00e4tzte Lesezeit\" \/>\n\t<meta name=\"twitter:data1\" content=\"2\u00a0Minuten\" \/>\n<script type=\"application\/ld+json\" class=\"yoast-schema-graph\">{\"@context\":\"https:\\\/\\\/schema.org\",\"@graph\":[{\"@type\":\"WebPage\",\"@id\":\"https:\\\/\\\/ludwig-witzani.de\\\/zu-den-grossen-traeumen\\\/buchempfehlungen\\\/einladung-nach-tibet\\\/david-neel-mein-weg-durch-himmel-und-hoellen\\\/\",\"url\":\"https:\\\/\\\/ludwig-witzani.de\\\/zu-den-grossen-traeumen\\\/buchempfehlungen\\\/einladung-nach-tibet\\\/david-neel-mein-weg-durch-himmel-und-hoellen\\\/\",\"name\":\"David-N\u00e9el: Mein Weg durch Himmel und H\u00f6llen - Ludwig Witzani\",\"isPartOf\":{\"@id\":\"https:\\\/\\\/ludwig-witzani.de\\\/zu-den-grossen-traeumen\\\/#website\"},\"primaryImageOfPage\":{\"@id\":\"https:\\\/\\\/ludwig-witzani.de\\\/zu-den-grossen-traeumen\\\/buchempfehlungen\\\/einladung-nach-tibet\\\/david-neel-mein-weg-durch-himmel-und-hoellen\\\/#primaryimage\"},\"image\":{\"@id\":\"https:\\\/\\\/ludwig-witzani.de\\\/zu-den-grossen-traeumen\\\/buchempfehlungen\\\/einladung-nach-tibet\\\/david-neel-mein-weg-durch-himmel-und-hoellen\\\/#primaryimage\"},\"thumbnailUrl\":\"http:\\\/\\\/ludwig-witzani.de\\\/wp-content\\\/uploads\\\/2014\\\/03\\\/IMG_0930-523x800.jpg\",\"datePublished\":\"2014-03-13T14:25:29+00:00\",\"dateModified\":\"2025-06-03T10:32:54+00:00\",\"breadcrumb\":{\"@id\":\"https:\\\/\\\/ludwig-witzani.de\\\/zu-den-grossen-traeumen\\\/buchempfehlungen\\\/einladung-nach-tibet\\\/david-neel-mein-weg-durch-himmel-und-hoellen\\\/#breadcrumb\"},\"inLanguage\":\"de\",\"potentialAction\":[{\"@type\":\"ReadAction\",\"target\":[\"https:\\\/\\\/ludwig-witzani.de\\\/zu-den-grossen-traeumen\\\/buchempfehlungen\\\/einladung-nach-tibet\\\/david-neel-mein-weg-durch-himmel-und-hoellen\\\/\"]}]},{\"@type\":\"ImageObject\",\"inLanguage\":\"de\",\"@id\":\"https:\\\/\\\/ludwig-witzani.de\\\/zu-den-grossen-traeumen\\\/buchempfehlungen\\\/einladung-nach-tibet\\\/david-neel-mein-weg-durch-himmel-und-hoellen\\\/#primaryimage\",\"url\":\"http:\\\/\\\/ludwig-witzani.de\\\/wp-content\\\/uploads\\\/2014\\\/03\\\/IMG_0930-523x800.jpg\",\"contentUrl\":\"http:\\\/\\\/ludwig-witzani.de\\\/wp-content\\\/uploads\\\/2014\\\/03\\\/IMG_0930-523x800.jpg\"},{\"@type\":\"BreadcrumbList\",\"@id\":\"https:\\\/\\\/ludwig-witzani.de\\\/zu-den-grossen-traeumen\\\/buchempfehlungen\\\/einladung-nach-tibet\\\/david-neel-mein-weg-durch-himmel-und-hoellen\\\/#breadcrumb\",\"itemListElement\":[{\"@type\":\"ListItem\",\"position\":1,\"name\":\"Startseite\",\"item\":\"https:\\\/\\\/ludwig-witzani.de\\\/zu-den-grossen-traeumen\\\/\"},{\"@type\":\"ListItem\",\"position\":2,\"name\":\"Reisebuchportal\",\"item\":\"https:\\\/\\\/ludwig-witzani.de\\\/zu-den-grossen-traeumen\\\/?page_id=151\"},{\"@type\":\"ListItem\",\"position\":3,\"name\":\"Einladung nach Tibet\",\"item\":\"https:\\\/\\\/ludwig-witzani.de\\\/zu-den-grossen-traeumen\\\/?page_id=1388\"},{\"@type\":\"ListItem\",\"position\":4,\"name\":\"David-N\u00e9el: Mein Weg durch Himmel und H\u00f6llen\"}]},{\"@type\":\"WebSite\",\"@id\":\"https:\\\/\\\/ludwig-witzani.de\\\/zu-den-grossen-traeumen\\\/#website\",\"url\":\"https:\\\/\\\/ludwig-witzani.de\\\/zu-den-grossen-traeumen\\\/\",\"name\":\"Ludwig Witzani\",\"description\":\"World Wide Travel\",\"potentialAction\":[{\"@type\":\"SearchAction\",\"target\":{\"@type\":\"EntryPoint\",\"urlTemplate\":\"https:\\\/\\\/ludwig-witzani.de\\\/zu-den-grossen-traeumen\\\/?s={search_term_string}\"},\"query-input\":{\"@type\":\"PropertyValueSpecification\",\"valueRequired\":true,\"valueName\":\"search_term_string\"}}],\"inLanguage\":\"de\"}]}<\/script>\n<!-- \/ Yoast SEO plugin. -->","yoast_head_json":{"title":"David-N\u00e9el: Mein Weg durch Himmel und H\u00f6llen - Ludwig Witzani","robots":{"index":"index","follow":"follow","max-snippet":"max-snippet:-1","max-image-preview":"max-image-preview:large","max-video-preview":"max-video-preview:-1"},"canonical":"https:\/\/ludwig-witzani.de\/zu-den-grossen-traeumen\/buchempfehlungen\/einladung-nach-tibet\/david-neel-mein-weg-durch-himmel-und-hoellen\/","og_locale":"de_DE","og_type":"article","og_title":"David-N\u00e9el: Mein Weg durch Himmel und H\u00f6llen - Ludwig Witzani","og_description":"David-N\u00e9el: Mein Weg durch Himmel und H\u00f6llen. Das Abentuer meines Lebens \u201eIch habe mehr als einmal bitter geweint, weil ich zutiefst f\u00fchlte, wie das Leben verrann, wie\u00a0 die Tage meiner Jugend leer, freudlos und \u00f6de vor\u00fcbergingen,\u201c schrieb bereits die junge Alexandra. \u201eIch war mir bewusst, dass ich eine Zeit unn\u00f6tig vertat, die niemals wiederkehren w\u00fcrde, &hellip; David-N\u00e9el: Mein Weg durch Himmel und H\u00f6llen weiterlesen &rarr;","og_url":"https:\/\/ludwig-witzani.de\/zu-den-grossen-traeumen\/buchempfehlungen\/einladung-nach-tibet\/david-neel-mein-weg-durch-himmel-und-hoellen\/","og_site_name":"Ludwig Witzani","article_modified_time":"2025-06-03T10:32:54+00:00","twitter_card":"summary_large_image","twitter_misc":{"Gesch\u00e4tzte Lesezeit":"2\u00a0Minuten"},"schema":{"@context":"https:\/\/schema.org","@graph":[{"@type":"WebPage","@id":"https:\/\/ludwig-witzani.de\/zu-den-grossen-traeumen\/buchempfehlungen\/einladung-nach-tibet\/david-neel-mein-weg-durch-himmel-und-hoellen\/","url":"https:\/\/ludwig-witzani.de\/zu-den-grossen-traeumen\/buchempfehlungen\/einladung-nach-tibet\/david-neel-mein-weg-durch-himmel-und-hoellen\/","name":"David-N\u00e9el: Mein Weg durch Himmel und H\u00f6llen - Ludwig Witzani","isPartOf":{"@id":"https:\/\/ludwig-witzani.de\/zu-den-grossen-traeumen\/#website"},"primaryImageOfPage":{"@id":"https:\/\/ludwig-witzani.de\/zu-den-grossen-traeumen\/buchempfehlungen\/einladung-nach-tibet\/david-neel-mein-weg-durch-himmel-und-hoellen\/#primaryimage"},"image":{"@id":"https:\/\/ludwig-witzani.de\/zu-den-grossen-traeumen\/buchempfehlungen\/einladung-nach-tibet\/david-neel-mein-weg-durch-himmel-und-hoellen\/#primaryimage"},"thumbnailUrl":"http:\/\/ludwig-witzani.de\/wp-content\/uploads\/2014\/03\/IMG_0930-523x800.jpg","datePublished":"2014-03-13T14:25:29+00:00","dateModified":"2025-06-03T10:32:54+00:00","breadcrumb":{"@id":"https:\/\/ludwig-witzani.de\/zu-den-grossen-traeumen\/buchempfehlungen\/einladung-nach-tibet\/david-neel-mein-weg-durch-himmel-und-hoellen\/#breadcrumb"},"inLanguage":"de","potentialAction":[{"@type":"ReadAction","target":["https:\/\/ludwig-witzani.de\/zu-den-grossen-traeumen\/buchempfehlungen\/einladung-nach-tibet\/david-neel-mein-weg-durch-himmel-und-hoellen\/"]}]},{"@type":"ImageObject","inLanguage":"de","@id":"https:\/\/ludwig-witzani.de\/zu-den-grossen-traeumen\/buchempfehlungen\/einladung-nach-tibet\/david-neel-mein-weg-durch-himmel-und-hoellen\/#primaryimage","url":"http:\/\/ludwig-witzani.de\/wp-content\/uploads\/2014\/03\/IMG_0930-523x800.jpg","contentUrl":"http:\/\/ludwig-witzani.de\/wp-content\/uploads\/2014\/03\/IMG_0930-523x800.jpg"},{"@type":"BreadcrumbList","@id":"https:\/\/ludwig-witzani.de\/zu-den-grossen-traeumen\/buchempfehlungen\/einladung-nach-tibet\/david-neel-mein-weg-durch-himmel-und-hoellen\/#breadcrumb","itemListElement":[{"@type":"ListItem","position":1,"name":"Startseite","item":"https:\/\/ludwig-witzani.de\/zu-den-grossen-traeumen\/"},{"@type":"ListItem","position":2,"name":"Reisebuchportal","item":"https:\/\/ludwig-witzani.de\/zu-den-grossen-traeumen\/?page_id=151"},{"@type":"ListItem","position":3,"name":"Einladung nach Tibet","item":"https:\/\/ludwig-witzani.de\/zu-den-grossen-traeumen\/?page_id=1388"},{"@type":"ListItem","position":4,"name":"David-N\u00e9el: Mein Weg durch Himmel und H\u00f6llen"}]},{"@type":"WebSite","@id":"https:\/\/ludwig-witzani.de\/zu-den-grossen-traeumen\/#website","url":"https:\/\/ludwig-witzani.de\/zu-den-grossen-traeumen\/","name":"Ludwig Witzani","description":"World Wide Travel","potentialAction":[{"@type":"SearchAction","target":{"@type":"EntryPoint","urlTemplate":"https:\/\/ludwig-witzani.de\/zu-den-grossen-traeumen\/?s={search_term_string}"},"query-input":{"@type":"PropertyValueSpecification","valueRequired":true,"valueName":"search_term_string"}}],"inLanguage":"de"}]}},"jetpack_shortlink":"https:\/\/wp.me\/P4daYo-Dq","jetpack_sharing_enabled":true,"_links":{"self":[{"href":"https:\/\/ludwig-witzani.de\/zu-den-grossen-traeumen\/wp-json\/wp\/v2\/pages\/2444","targetHints":{"allow":["GET"]}}],"collection":[{"href":"https:\/\/ludwig-witzani.de\/zu-den-grossen-traeumen\/wp-json\/wp\/v2\/pages"}],"about":[{"href":"https:\/\/ludwig-witzani.de\/zu-den-grossen-traeumen\/wp-json\/wp\/v2\/types\/page"}],"author":[{"embeddable":true,"href":"https:\/\/ludwig-witzani.de\/zu-den-grossen-traeumen\/wp-json\/wp\/v2\/users\/2"}],"replies":[{"embeddable":true,"href":"https:\/\/ludwig-witzani.de\/zu-den-grossen-traeumen\/wp-json\/wp\/v2\/comments?post=2444"}],"version-history":[{"count":2,"href":"https:\/\/ludwig-witzani.de\/zu-den-grossen-traeumen\/wp-json\/wp\/v2\/pages\/2444\/revisions"}],"predecessor-version":[{"id":2447,"href":"https:\/\/ludwig-witzani.de\/zu-den-grossen-traeumen\/wp-json\/wp\/v2\/pages\/2444\/revisions\/2447"}],"up":[{"embeddable":true,"href":"https:\/\/ludwig-witzani.de\/zu-den-grossen-traeumen\/wp-json\/wp\/v2\/pages\/1388"}],"wp:attachment":[{"href":"https:\/\/ludwig-witzani.de\/zu-den-grossen-traeumen\/wp-json\/wp\/v2\/media?parent=2444"}],"curies":[{"name":"wp","href":"https:\/\/api.w.org\/{rel}","templated":true}]}}